{"id":13551,"date":"2018-05-23T10:30:09","date_gmt":"2018-05-23T17:30:09","guid":{"rendered":"http:\/\/lfhw.site\/?page_id=13551"},"modified":"2026-02-11T09:25:37","modified_gmt":"2026-02-11T17:25:37","slug":"partenaires-de-la-campagne","status":"publish","type":"page","link":"https:\/\/lovefoodhatewaste.ca\/fr\/a-propos\/partenaires-de-la-campagne\/","title":{"rendered":"Partenaires de la campagne"},"content":{"rendered":"<div class=\"wpb-content-wrapper\"><p>[vc_row][vc_column]<div class=\"edgtf-elements-holder edgtf-one-column edgtf-responsive-mode-768\" ><div class=\"edgtf-eh-item \"  data-item-class=\"edgtf-eh-custom-372914\">\n\t<div class=\"edgtf-eh-item-inner\">\n\t\t<div class=\"edgtf-eh-item-content edgtf-eh-custom-372914\" >\n\t\t\t[vc_empty_space]<div class=\"edgtf-section-title-holder\" >\n\t\t\t\t\t<h2 class=\"edgtf-st-title\" >\n\t\t\t<span>FoodMesh est fier de travailler avec les organismes pr\u00e9curseurs \u00e9num\u00e9r\u00e9s plus bas.<\/span>\n\t\t<\/h2>\n\t\t\t\t<p class=\"edgtf-st-text\" >Nos partenaires de campagne nous aident \u00e0 d\u00e9ployer la campagne Love Food Hate Waste Canada d&#039;un oc\u00e9an \u00e0 l&#039;autre, incluant sa version francophone J\u2019aime manger, pas gaspiller Canada. Appprenez\u2010en plus sur nos partenaires de campagne et leur engagement \u00e0 r\u00e9duire et pr\u00e9venir le gaspillage alimentaire.<\/p>\n\t<\/div>[vc_empty_space]\t\t<\/div>\n\t<\/div>\n<\/div><\/div>[\/vc_column][\/vc_row][vc_row][vc_column width=\u00a0\u00bb1\/4&Prime;]<div class=\"edgtf-elements-holder edgtf-one-column edgtf-responsive-mode-768\" ><div class=\"edgtf-eh-item \"  data-item-class=\"edgtf-eh-custom-249868\">\n\t<div class=\"edgtf-eh-item-inner\">\n\t\t<div class=\"edgtf-eh-item-content edgtf-eh-custom-249868\" >\n\t\t\t[vc_single_image image=\u00a0\u00bb13750&Prime; img_size=\u00a0\u00bbmedium\u00a0\u00bb]\t\t<\/div>\n\t<\/div>\n<\/div><\/div>[\/vc_column][vc_column width=\u00a0\u00bb3\/4&Prime;][vc_column_text]<span lang=\"FR-CA\">La Soci\u00e9t\u00e9 qu\u00e9b\u00e9coise de r\u00e9cup\u00e9ration et de recyclage,\u00a0<\/span><a href=\"https:\/\/www.recyc-quebec.gouv.qc.ca\/\" target=\"_blank\" rel=\"noopener\" data-saferedirecturl=\"https:\/\/www.google.com\/url?q=https:\/\/www.recyc-quebec.gouv.qc.ca\/&amp;source=gmail&amp;ust=1761085943485000&amp;usg=AOvVaw0tI4SiyavwTzjqv3jF2EU-\"><span lang=\"FR-CA\">RECYC-QU\u00c9BEC<\/span><\/a><span lang=\"FR-CA\">, est un chef de file en mati\u00e8re de gestion responsable des d\u00e9chets au Qu\u00e9bec. Cr\u00e9\u00e9e en 1990, cette soci\u00e9t\u00e9 d\u2019\u00c9tat s\u2019efforce de faire du Qu\u00e9bec un mod\u00e8le en mati\u00e8re de gestion innovante et durable des d\u00e9chets. Notre objectif est de parvenir \u00e0 une soci\u00e9t\u00e9 sans d\u00e9chets en encourageant et en d\u00e9veloppant la r\u00e9duction \u00e0 la source, la r\u00e9utilisation, la r\u00e9cup\u00e9ration et le recyclage, ainsi qu\u2019en conservant les ressources gr\u00e2ce \u00e0 la cr\u00e9ation de valeur ajout\u00e9e \u00e0 partir des d\u00e9chets. Notre mission est de promouvoir l\u2019\u00e9conomie circulaire et de lutter contre les changements climatiques en encourageant les meilleures pratiques en mati\u00e8re de pr\u00e9vention et de gestion des d\u00e9chets.<\/span>[\/vc_column_text][vc_empty_space]<a itemprop=\"url\" href=\"https:\/\/www.recyc-quebec.gouv.qc.ca\/citoyens\/mieux-consommer\/reduire-a-la-source\/gaspillage-alimentaire\" target=\"_blank\" class=\"edgtf-btn edgtf-btn-medium edgtf-btn-solid\" rel=\"noopener\">\n    <span class=\"edgtf-btn-text\">RECYC-QU\u00c9BEC<\/span>\n    <\/a>[vc_empty_space height=\u00a0\u00bb80px\u00a0\u00bb][\/vc_column][\/vc_row][vc_row][vc_column width=\u00a0\u00bb1\/4&Prime;]<div class=\"edgtf-elements-holder edgtf-one-column edgtf-responsive-mode-768\" ><div class=\"edgtf-eh-item \"  data-item-class=\"edgtf-eh-custom-714114\">\n\t<div class=\"edgtf-eh-item-inner\">\n\t\t<div class=\"edgtf-eh-item-content edgtf-eh-custom-714114\" >\n\t\t\t[vc_single_image image=\u00a0\u00bb14248&Prime; img_size=\u00a0\u00bbmedium\u00a0\u00bb]\t\t<\/div>\n\t<\/div>\n<\/div><\/div>[\/vc_column][vc_column width=\u00a0\u00bb3\/4&Prime;][vc_column_text]<a href=\"https:\/\/www.toronto.ca\/wp-content\/uploads\/2017\/10\/9803-Final-Long-Term-Waste-Management-Strategy.pdf\" target=\"_blank\" rel=\"noopener noreferrer\">La Strat\u00e9gie de gestion \u00e0 long terme des d\u00e9chets<\/a> de la ville de Toronto explique comment mieux g\u00e9rer les d\u00e9chets de la Ville au cours des 30 \u00e0 50\u00a0prochaines ann\u00e9es. La Strat\u00e9gie sur les d\u00e9chets identifie la r\u00e9duction du gaspillage alimentaire comme une priorit\u00e9 cl\u00e9 pour aider la Ville \u00e0 d\u00e9tourner davantage de d\u00e9chets des sites d\u2019enfouissement et \u00e0 s\u2019acheminer vers un objectif z\u00e9ro d\u00e9chet ambitieux. La strat\u00e9gie de r\u00e9duction des d\u00e9chets alimentaires comprend une campagne d\u2019\u00e9ducation et des programmes de sensibilisation pour enseigner aux r\u00e9sidents les avantages de la r\u00e9duction du gaspillage alimentaire d\u2019un point de vue environnemental, social et \u00e9conomique. La campagne <em>Love Food Hate Waste<\/em> (J\u2019aime manger pas gaspiller) est une premi\u00e8re \u00e9tape cruciale pour sensibiliser les r\u00e9sidents de Toronto \u00e0 la valeur de la nourriture et \u00e0 l\u2019importance de r\u00e9duire la quantit\u00e9 de d\u00e9chets alimentaires \u00e9limin\u00e9s.[\/vc_column_text][vc_empty_space]<a itemprop=\"url\" href=\"https:\/\/www.toronto.ca\/\" target=\"_blank\" class=\"edgtf-btn edgtf-btn-medium edgtf-btn-solid\" rel=\"noopener\">\n    <span class=\"edgtf-btn-text\">Ville de Toronto<\/span>\n    <\/a>[vc_empty_space height=\u00a0\u00bb80px\u00a0\u00bb][\/vc_column][\/vc_row][vc_row disable_element=\u00a0\u00bbyes\u00a0\u00bb][vc_column width=\u00a0\u00bb1\/4&Prime;]<div class=\"edgtf-elements-holder edgtf-one-column edgtf-responsive-mode-768\" ><div class=\"edgtf-eh-item \"  data-item-class=\"edgtf-eh-custom-800613\">\n\t<div class=\"edgtf-eh-item-inner\">\n\t\t<div class=\"edgtf-eh-item-content edgtf-eh-custom-800613\" >\n\t\t\t[vc_single_image image=\u00a0\u00bb17181&Prime; img_size=\u00a0\u00bbmedium\u00a0\u00bb]\t\t<\/div>\n\t<\/div>\n<\/div><\/div>[\/vc_column][vc_column width=\u00a0\u00bb3\/4&Prime;][vc_column_text][\/vc_column_text][vc_column_text]Walmart Canada exploite une cha\u00eene de 410\u00a0magasins \u00e0 l&rsquo;\u00e9chelle nationale desservant plus de 1,2\u00a0million de client(e)s chaque jour. Le magasin en ligne phare de Walmart Canada, <a href=\"http:\/\/www.walmart.ca\/fr\" target=\"_blank\" rel=\"noopener noreferrer\">walmart.ca<\/a>, re\u00e7oit la visite quotidienne de 600\u00a0000\u00a0client(e)s. Avec plus de 85\u00a0000\u00a0associ\u00e9(e)s, Walmart Canada est l&rsquo;un des plus importants employeurs du Canada et se classe parmi les 10\u00a0marques les plus influentes du pays. En tant que l&rsquo;un des plus grands d\u00e9taillants du Canada, nous consid\u00e9rons qu&rsquo;il est de notre responsabilit\u00e9 d&rsquo;avoir un impact positif sur les communaut\u00e9s que nous servons et de soutenir ces communaut\u00e9s pour qu&rsquo;elles deviennent plus fortes chaque jour. Le vaste programme <u>philanthropique<\/u> de Walmart Canada <a href=\"https:\/\/www.walmartcanada.ca\/community-giving\" target=\"_blank\" rel=\"noopener noreferrer\">https:\/\/www.walmartcanada.ca\/community-giving<\/a> vise \u00e0 soutenir les familles canadiennes dans le besoin et, depuis 1994, Walmart a recueilli et fait don de plus de 300\u00a0millions de dollars \u00e0 des organismes de bienfaisance canadiens. Walmart est un leader mondial en mati\u00e8re de d\u00e9veloppement durable, ax\u00e9 sur une exploitation qui minimise l&rsquo;impact sur l&rsquo;environnement. Au Canada, Walmart s&rsquo;est engag\u00e9 \u00e0 atteindre l\u2019objectif z\u00e9ro gaspillage alimentaire d&rsquo;ici\u00a02025. Vous trouverez des informations suppl\u00e9mentaires sur <a href=\"http:\/\/www.walmartcanada.ca\/\" target=\"_blank\" rel=\"noopener\">http:\/\/www.walmartcanada.ca\/<\/a>, <a href=\"http:\/\/www.facebook.com\/walmartcanada\" target=\"_blank\" rel=\"noopener noreferrer\">http:\/\/www.facebook.com\/walmartcanada<\/a>, <a href=\"http:\/\/www.twitter.com\/walmartcanada\" target=\"_blank\" rel=\"noopener noreferrer\">http:\/\/www.twitter.com\/walmartcanada<\/a>.[\/vc_column_text][vc_empty_space]<a itemprop=\"url\" href=\"https:\/\/www.walmart.ca\" target=\"_blank\" class=\"edgtf-btn edgtf-btn-medium edgtf-btn-solid\" rel=\"noopener\">\n    <span class=\"edgtf-btn-text\">Walmart Canada<\/span>\n    <\/a>[vc_empty_space height=\u00a0\u00bb80px\u00a0\u00bb][\/vc_column][\/vc_row][vc_row disable_element=\u00a0\u00bbyes\u00a0\u00bb][vc_column width=\u00a0\u00bb1\/4&Prime;]<div class=\"edgtf-elements-holder edgtf-one-column edgtf-responsive-mode-768\" ><div class=\"edgtf-eh-item \"  data-item-class=\"edgtf-eh-custom-508710\">\n\t<div class=\"edgtf-eh-item-inner\">\n\t\t<div class=\"edgtf-eh-item-content edgtf-eh-custom-508710\" >\n\t\t\t[vc_single_image image=\u00a0\u00bb14246&Prime; img_size=\u00a0\u00bbmedium\u00a0\u00bb]\t\t<\/div>\n\t<\/div>\n<\/div><\/div>[\/vc_column][vc_column width=\u00a0\u00bb3\/4&Prime;][vc_column_text]Sobeys est le deuxi\u00e8me plus important d\u00e9taillant de produits d&rsquo;\u00e9picerie au Canada et r\u00e9pond aux besoins d&rsquo;achat alimentaire des Canadiens depuis plus de 110\u00a0ans. Sobeys poss\u00e8de ou franchise plus de 1\u00a0527\u00a0magasins dans les dix provinces canadiennes sous des banni\u00e8res de d\u00e9tail, notamment Sobeys, Safeway, IGA, Foodland, FreshCo, Thrifty Foods et Lawton&rsquo;s Drug Stores. La pr\u00e9occupation de Sobeys pour la perte de nourriture et le gaspillage alimentaire provient de l&rsquo;impact direct sur son entreprise ainsi que de ses impacts sociaux et environnementaux en tant qu&rsquo;entreprise. Sobeys s&rsquo;est engag\u00e9e \u00e0 r\u00e9duire la perte de nourriture et le gaspillage alimentaire dans ses activit\u00e9s directes et \u00e0 <a href=\"https:\/\/www.iga.net\/fr\/implication\/environnement\/a_vos_frigos\" target=\"_blank\" rel=\"noopener noreferrer\">\u00e9duquer les consommateurs<\/a>\u00a0sur la fa\u00e7on de r\u00e9duire le gaspillage alimentaire \u00e0 la maison.[\/vc_column_text][vc_empty_space]<a itemprop=\"url\" href=\"https:\/\/corporate.sobeys.com\/sustainability\/food-waste\/\" target=\"_blank\" class=\"edgtf-btn edgtf-btn-medium edgtf-btn-solid\" rel=\"noopener\">\n    <span class=\"edgtf-btn-text\">Sobeys<\/span>\n    <\/a>[vc_empty_space height=\u00a0\u00bb80px\u00a0\u00bb][\/vc_column][\/vc_row][vc_row disable_element=\u00a0\u00bbyes\u00a0\u00bb][vc_column width=\u00a0\u00bb1\/4&Prime;]<div class=\"edgtf-elements-holder edgtf-one-column edgtf-responsive-mode-768\" ><div class=\"edgtf-eh-item \"  data-item-class=\"edgtf-eh-custom-733774\">\n\t<div class=\"edgtf-eh-item-inner\">\n\t\t<div class=\"edgtf-eh-item-content edgtf-eh-custom-733774\" >\n\t\t\t[vc_single_image image=\u00a0\u00bb14258&Prime; img_size=\u00a0\u00bbmedium\u00a0\u00bb]\t\t<\/div>\n\t<\/div>\n<\/div><\/div>[\/vc_column][vc_column width=\u00a0\u00bb3\/4&Prime;][vc_column_text]La ville de Vancouver pr\u00e9voit \u00e9liminer les d\u00e9chets envoy\u00e9s aux sites de d\u00e9charges et aux incin\u00e9rateurs d&rsquo;ici 2040. \u00c0 l&rsquo;avenir, tous ceux qui vivent, travaillent et visitent Vancouver penseront diff\u00e9remment \u00e0 tout ce qui est actuellement \u00e9limin\u00e9 \u2013 y compris les aliments gaspill\u00e9s. Bien que des progr\u00e8s importants aient \u00e9t\u00e9 r\u00e9alis\u00e9s \u00e0 Vancouver et dans la r\u00e9gion en augmentant le d\u00e9tournement des d\u00e9chets alimentaires et d&rsquo;autres mati\u00e8res organiques compostables des ordures m\u00e9nag\u00e8res, la Ville se concentre sur la pr\u00e9vention du gaspillage d&rsquo;aliments gr\u00e2ce \u00e0 des initiatives telles que Love Food Hate Waste (J\u2019aime Manger Pas Gaspiller).[\/vc_column_text][vc_empty_space]<a itemprop=\"url\" href=\"http:\/\/vancouver.ca\/green-vancouver\/zero-waste-vancouver.aspx\" target=\"_blank\" class=\"edgtf-btn edgtf-btn-medium edgtf-btn-solid\" rel=\"noopener\">\n    <span class=\"edgtf-btn-text\">Ville de Vancouver<\/span>\n    <\/a>[vc_empty_space height=\u00a0\u00bb80px\u00a0\u00bb][\/vc_column][\/vc_row][vc_row][vc_column width=\u00a0\u00bb1\/4&Prime;]<div class=\"edgtf-elements-holder edgtf-one-column edgtf-responsive-mode-768\" ><div class=\"edgtf-eh-item \"  data-item-class=\"edgtf-eh-custom-908056\">\n\t<div class=\"edgtf-eh-item-inner\">\n\t\t<div class=\"edgtf-eh-item-content edgtf-eh-custom-908056\" >\n\t\t\t[vc_single_image image=\u00a0\u00bb13975&Prime; img_size=\u00a0\u00bbmedium\u00a0\u00bb]\t\t<\/div>\n\t<\/div>\n<\/div><\/div>[\/vc_column][vc_column width=\u00a0\u00bb3\/4&Prime;][vc_column_text]<span style=\"font-weight: 400;\">Metro Vancouver est une organisation diversifi\u00e9e qui planifie et fournit des services publics r\u00e9gionaux, notamment des services d\u2019aqueduc, d\u2019\u00e9gout et de traitement des eaux us\u00e9es, ainsi que la gestion des d\u00e9chets solides. Elle r\u00e9glemente \u00e9galement la qualit\u00e9 de l\u2019air, planifie la croissance urbaine, g\u00e8re un syst\u00e8me de parcs r\u00e9gionaux, fournit des logements abordables et sert de f\u00e9d\u00e9ration r\u00e9gionale. L\u2019organisation est une f\u00e9d\u00e9ration de 21 municipalit\u00e9s, d\u2019une zone \u00e9lectorale et d\u2019une Premi\u00e8re nation signataire d\u2019un trait\u00e9 situ\u00e9e dans la r\u00e9gion du m\u00eame nom. L\u2019organisation est dirig\u00e9e par un conseil d\u2019administration compos\u00e9 de repr\u00e9sentants \u00e9lus et de repr\u00e9sentantes \u00e9lues de chaque instance membre.<\/span><\/p>\n<p><span style=\"font-weight: 400;\">Metro Vancouver est un chef de file nord-am\u00e9ricain dans la r\u00e9duction des d\u00e9chets et le recyclage, avec un taux de recyclage de 65 %. Nous continuons n\u00e9anmoins \u00e0 travailler vers un avenir sans d\u00e9chets, et la pr\u00e9vention et la r\u00e9duction des d\u00e9chets alimentaires sont essentielles pour atteindre cet objectif. Metro Vancouver a collabor\u00e9 avec le Waste and Resources Action Programme (WRAP) au Royaume-Uni pour mener la premi\u00e8re campagne r\u00e9gionale \u00ab\u2009J\u2019aime manger, pas gaspiller\u2009\u00bb au Canada en 2015. Fort du succ\u00e8s de la campagne r\u00e9gionale, le<\/span><a href=\"http:\/\/www.nzwc.ca\/\" target=\"_blank\" rel=\"noopener\"> <span style=\"font-weight: 400;\">Conseil national z\u00e9ro d\u00e9chet<\/span><\/a><span style=\"font-weight: 400;\"> [site anglais], une initiative de Metro Vancouver, a lanc\u00e9 la campagne \u00e0 l\u2019\u00e9chelle nationale en 2018. Nous tirons une grande fiert\u00e9 d\u2019avoir dirig\u00e9 cette campagne pendant six ans en \u00e9troite collaboration avec des partenaires de partout au pays, et nous nous r\u00e9jouissons de continuer \u00e0 y participer en tant que partenaire r\u00e9gional de la campagne \u00e0 partir de 2025.<\/span>[\/vc_column_text][vc_empty_space]<a itemprop=\"url\" href=\"http:\/\/metrovancouver.org\" target=\"_blank\" class=\"edgtf-btn edgtf-btn-medium edgtf-btn-solid\" rel=\"noopener\">\n    <span class=\"edgtf-btn-text\">Metro Vancouver<\/span>\n    <\/a>[vc_empty_space height=\u00a0\u00bb80px\u00a0\u00bb][\/vc_column][\/vc_row][vc_row disable_element=\u00a0\u00bbyes\u00a0\u00bb][vc_column width=\u00a0\u00bb1\/4&Prime;]<div class=\"edgtf-elements-holder edgtf-one-column edgtf-responsive-mode-768\" ><div class=\"edgtf-eh-item \"  data-item-class=\"edgtf-eh-custom-188452\">\n\t<div class=\"edgtf-eh-item-inner\">\n\t\t<div class=\"edgtf-eh-item-content edgtf-eh-custom-188452\" >\n\t\t\t[vc_single_image image=\u00a0\u00bb17186&Prime; img_size=\u00a0\u00bbmedium\u00a0\u00bb]\t\t<\/div>\n\t<\/div>\n<\/div><\/div>[\/vc_column][vc_column width=\u00a0\u00bb3\/4&Prime;][vc_column_text]La capitale de la Colombie-Britannique, Victoria, est situ\u00e9e \u00e0 la pointe sud de l\u2019\u00eele de Vancouver. Connue pour son climat temp\u00e9r\u00e9, sa beaut\u00e9 naturelle, ses activit\u00e9s r\u00e9cr\u00e9atives et ses opportunit\u00e9s \u00e9conomiques, Victoria est aussi un leader du d\u00e9veloppement durable. La vision de la Ville de Victoria est d\u2019\u00eatre \u00ab\u00a0un leader en durabilit\u00e9 urbaine qui inspire l\u2019innovation, la fiert\u00e9 et les progr\u00e8s en vue d\u2019une meilleure int\u00e9grit\u00e9 \u00e9cologique, habitabilit\u00e9, vitalit\u00e9 \u00e9conomique et r\u00e9silience communautaire face aux changements auxquels la soci\u00e9t\u00e9 et la plan\u00e8te sont confront\u00e9es aujourd\u2019hui et pour les g\u00e9n\u00e9rations \u00e0 venir.\u00a0\u00bb<\/p>\n<p>La r\u00e9duction des d\u00e9chets fait partie de cette vision. Le plan communautaire officiel, le plan strat\u00e9gique et l\u2019\u00e9bauche du plan de leadership climatique de la Ville d\u00e9crivent de multiples objectifs et mesures de r\u00e9duction des d\u00e9chets. La Ville a d\u00e9j\u00e0 fait des progr\u00e8s consid\u00e9rables, avec des programmes r\u00e9ussis de d\u00e9chets de cuisine et de r\u00e9acheminement des d\u00e9chets de jardinage, et un r\u00e8glement visant \u00e0 r\u00e9duire les sacs en plastique \u00e0 usage unique. La r\u00e9duction du gaspillage alimentaire est une excellente occasion de soutenir la r\u00e9duction globale des d\u00e9chets tout en cr\u00e9ant des impacts positifs dans notre communaut\u00e9. La Ville de Victoria est fi\u00e8re d\u2019\u00eatre partenaire d\u2019un programme national visant \u00e0 r\u00e9duire le gaspillage alimentaire au Canada et d\u2019aider notre communaut\u00e9 \u00e0 r\u00e9aliser les avantages du gaspillage de moins de nourriture.[\/vc_column_text][vc_empty_space]<a itemprop=\"url\" href=\"http:\/\/www.victoria.ca\/EN\/main\/residents\/garbage-recycling.html\" target=\"_blank\" class=\"edgtf-btn edgtf-btn-medium edgtf-btn-solid\" rel=\"noopener\">\n    <span class=\"edgtf-btn-text\">Ville de Victoria<\/span>\n    <\/a>[vc_empty_space height=\u00a0\u00bb80px\u00a0\u00bb][\/vc_column][\/vc_row][vc_row][vc_column width=\u00a0\u00bb1\/4&Prime;]<div class=\"edgtf-elements-holder edgtf-one-column edgtf-responsive-mode-768\" ><div class=\"edgtf-eh-item \"  data-item-class=\"edgtf-eh-custom-292239\">\n\t<div class=\"edgtf-eh-item-inner\">\n\t\t<div class=\"edgtf-eh-item-content edgtf-eh-custom-292239\" >\n\t\t\t[vc_single_image image=\u00a0\u00bb13970&Prime; img_size=\u00a0\u00bbmedium\u00a0\u00bb]\t\t<\/div>\n\t<\/div>\n<\/div><\/div>[\/vc_column][vc_column width=\u00a0\u00bb3\/4&Prime;][vc_column_text]Fier d&rsquo;\u00eatre reconnu comme l&rsquo;un des employeurs les plus \u00e9cologiques du Canada, le District r\u00e9gional de la capitale offre des services r\u00e9gionaux \u00e0 13 municipalit\u00e9s et \u00e0 trois r\u00e9gions \u00e9lectorales du sud de l&rsquo;\u00eele de Vancouver et des \u00eeles Gulf du Sud \u2013 y compris les services de d\u00e9chets et de recyclage essentiels. \u00ab R\u00e9duire \u00bb et \u00ab r\u00e9utiliser \u00bb sont des principes fondamentaux de la strat\u00e9gie de gestion des d\u00e9chets solides du CRD, un plan communautaire qui appuie, entre autres services, la prestation de programmes d&rsquo;\u00e9ducation publique ax\u00e9s sur la pr\u00e9vention du gaspillage. Bien que les restes de cuisine soient interdits dans les d\u00e9charges de la r\u00e9gion, les ordures m\u00e9nag\u00e8res continuent d&rsquo;\u00eatre un domaine prioritaire pour les programmes d&rsquo;\u00e9ducation \u00e0 la r\u00e9duction des d\u00e9chets du CRD.[\/vc_column_text][vc_empty_space]<a itemprop=\"url\" href=\"https:\/\/www.crd.bc.ca\" target=\"_blank\" class=\"edgtf-btn edgtf-btn-medium edgtf-btn-solid\" rel=\"noopener\">\n    <span class=\"edgtf-btn-text\">District r\u00e9gional de la capitale<\/span>\n    <\/a>[vc_empty_space height=\u00a0\u00bb80px\u00a0\u00bb][\/vc_column][\/vc_row][vc_row disable_element=\u00a0\u00bbyes\u00a0\u00bb][vc_column width=\u00a0\u00bb1\/4&Prime;]<div class=\"edgtf-elements-holder edgtf-one-column edgtf-responsive-mode-768\" ><div class=\"edgtf-eh-item \"  data-item-class=\"edgtf-eh-custom-521014\">\n\t<div class=\"edgtf-eh-item-inner\">\n\t\t<div class=\"edgtf-eh-item-content edgtf-eh-custom-521014\" >\n\t\t\t[vc_single_image image=\u00a0\u00bb22916&Prime; img_size=\u00a0\u00bbmedium\u00a0\u00bb]\t\t<\/div>\n\t<\/div>\n<\/div><\/div>[\/vc_column][vc_column width=\u00a0\u00bb3\/4&Prime;][vc_column_text]Le district r\u00e9gional de Nanaimo (RDN) assure la gouvernance r\u00e9gionale et fournit des services sur la magnifique c\u00f4te est centrale de l&rsquo;\u00eele de Vancouver. Au RDN, nous sommes passionn\u00e9s par la gestion durable des d\u00e9chets gr\u00e2ce \u00e0 notre plan de gestion des d\u00e9chets solides, qui vise \u00e0 r\u00e9duire de 90 % la quantit\u00e9 de d\u00e9chets mis en d\u00e9charge. Nous avons r\u00e9alis\u00e9 des progr\u00e8s remarquables, notamment dans la lutte contre le gaspillage alimentaire. Des initiatives cl\u00e9s telles que le recyclage en bordure de rue, la collecte des d\u00e9chets organiques et le tri obligatoire des d\u00e9chets \u00e0 la source, associ\u00e9es \u00e0 l&rsquo;octroi de licences aux transporteurs de d\u00e9chets, sont au c\u0153ur de nos programmes et de nos efforts. Nous menons \u00e9galement des campagnes \u00e9ducatives pour sensibiliser les r\u00e9sidents et les entreprises \u00e0 la gestion responsable de l&rsquo;environnement. Ces initiatives permettent non seulement de r\u00e9duire les d\u00e9chets organiques dans les d\u00e9charges, mais aussi de pr\u00e9server les ressources et de r\u00e9duire les \u00e9missions de gaz \u00e0 effet de serre. Le RDN s&rsquo;engage \u00e0 montrer la voie en mati\u00e8re d&rsquo;initiatives z\u00e9ro d\u00e9chet et \u00e0 promouvoir une culture de la durabilit\u00e9 dans notre communaut\u00e9.[\/vc_column_text][vc_empty_space]<a itemprop=\"url\" href=\"https:\/\/rdn.bc.ca\/\" target=\"_blank\" class=\"edgtf-btn edgtf-btn-medium edgtf-btn-solid\" rel=\"noopener\">\n    <span class=\"edgtf-btn-text\">Le district r\u00e9gional de Nanaimo<\/span>\n    <\/a>[vc_empty_space height=\u00a0\u00bb80px\u00a0\u00bb][\/vc_column][\/vc_row][vc_row][vc_column width=\u00a0\u00bb1\/4&Prime;]<div class=\"edgtf-elements-holder edgtf-one-column edgtf-responsive-mode-768\" ><div class=\"edgtf-eh-item \"  data-item-class=\"edgtf-eh-custom-380909\">\n\t<div class=\"edgtf-eh-item-inner\">\n\t\t<div class=\"edgtf-eh-item-content edgtf-eh-custom-380909\" >\n\t\t\t[vc_single_image image=\u00a0\u00bb23056&Prime; img_size=\u00a0\u00bbmedium\u00a0\u00bb]\t\t<\/div>\n\t<\/div>\n<\/div><\/div>[\/vc_column][vc_column width=\u00a0\u00bb3\/4&Prime;][vc_column_text]Le <a href=\"https:\/\/ehq-production-canada.s3.ca-central-1.amazonaws.com\/dabc14253413181bf0837839cdb22374733f2f1c\/original\/1717769214\/7a6a3f2c4a7533140085ea640d413ad3_Supporting_Doc_1_SWMP_French.pdf\" target=\"_blank\" rel=\"noopener\">Plan directeur de la gestion des d\u00e9chets solides<\/a> de la Ville d&rsquo;Ottawa orientera la gestion durable de nos d\u00e9chets pour les 30 prochaines ann\u00e9es. Le plan reconna\u00eet qu&rsquo;il n&rsquo;existe pas de solution unique ou miracle pour relever les d\u00e9fis actuels et futurs en mati\u00e8re de gestion des d\u00e9chets. Une approche \u00e0 plusieurs volets est n\u00e9cessaire, combinant une am\u00e9lioration de la r\u00e9glementation, de la collecte, du traitement et de la technologie, ainsi qu&rsquo;un changement des comportements du public et de l&rsquo;industrie. La r\u00e9duction et le d\u00e9tournement des d\u00e9chets alimentaires constituent un \u00e9l\u00e9ment essentiel pour atteindre l&rsquo;objectif \u00ab z\u00e9ro d\u00e9chet \u00bb du plan. Une communication innovante et coh\u00e9rente sera un outil indispensable pour encourager les changements de comportement n\u00e9cessaires \u00e0 la r\u00e9alisation de nos objectifs. Le partenariat avec J\u2019aime manger, pas gaspiller contribuera \u00e0 sensibiliser les r\u00e9sidents et r\u00e9sidentes d&rsquo;Ottawa aux avantages \u00e9conomiques, sociaux et environnementaux de la r\u00e9duction du gaspillage alimentaire.[\/vc_column_text][vc_empty_space]<a itemprop=\"url\" href=\"https:\/\/rdn.bc.ca\/\" target=\"_blank\" class=\"edgtf-btn edgtf-btn-medium edgtf-btn-solid\" rel=\"noopener\">\n    <span class=\"edgtf-btn-text\">La ville d&#039;Ottawa<\/span>\n    <\/a>[vc_empty_space height=\u00a0\u00bb80px\u00a0\u00bb][\/vc_column][\/vc_row][vc_row][vc_column width=\u00a0\u00bb1\/4&Prime;]<div class=\"edgtf-elements-holder edgtf-one-column edgtf-responsive-mode-768\" ><div class=\"edgtf-eh-item \"  data-item-class=\"edgtf-eh-custom-162744\">\n\t<div class=\"edgtf-eh-item-inner\">\n\t\t<div class=\"edgtf-eh-item-content edgtf-eh-custom-162744\" >\n\t\t\t[vc_single_image image=\u00a0\u00bb23216&Prime; img_size=\u00a0\u00bbmedium\u00a0\u00bb]\t\t<\/div>\n\t<\/div>\n<\/div><\/div>[\/vc_column][vc_column width=\u00a0\u00bb3\/4&Prime;][vc_column_text]<span style=\"font-weight: 400;\">Saskatoon est un chef de file dans la r\u00e9gion des Prairies en mati\u00e8re de r\u00e9duction des d\u00e9chets, avec pour objectif de d\u00e9tourner 70\u00a0% des d\u00e9chets des sites d\u2019enfouissement et d\u2019atteindre z\u00e9ro \u00e9mission nette de gaz \u00e0 effet de serre d\u2019ici 2050. Le programme Green Cart de la ville a permis de d\u00e9tourner plus de 20\u00a0000\u00a0tonnes de d\u00e9chets organiques au cours de sa premi\u00e8re ann\u00e9e, \u00e9vitant ainsi 13\u00a0374\u00a0tonnes d\u2019\u00e9missions de CO<\/span><span style=\"font-weight: 400;\">\u2082<\/span><span style=\"font-weight: 400;\">, soit l\u2019\u00e9quivalent du retrait de pr\u00e8s de 3\u00a0000\u00a0voitures de la circulation. Avec des r\u00e9glementations d\u00e9j\u00e0 en place pour le d\u00e9tournement des d\u00e9chets commerciaux, un programme municipal de collecte des d\u00e9chets organiques pour les immeubles \u00e0 logements multiples qui devrait \u00eatre lanc\u00e9 d\u2019ici 2028 et des projets pilotes en cours pour le d\u00e9tournement des d\u00e9chets organiques dans les espaces publics et lors d\u2019\u00e9v\u00e9nements, Saskatoon s\u2019engage \u00e0 d\u00e9velopper des services qui favorisent une communaut\u00e9 plus propre et plus durable. Notre partenariat avec la campagne \u00ab\u00a0J\u2019aime manger, pas gaspiller\u00a0\u00bb est un ajout bienvenu \u00e0 nos programmes d\u2019\u00e9ducation publique, qui nous aide \u00e0 atteindre les objectifs de la ville en mati\u00e8re de d\u00e9tournement et d\u2019\u00e9missions tout en aidant la communaut\u00e9 \u00e0 prendre conscience des multiples avantages de la r\u00e9duction du gaspillage alimentaire.<\/span>[\/vc_column_text][vc_empty_space]<a itemprop=\"url\" href=\"https:\/\/www.saskatoon.ca\/\" target=\"_blank\" class=\"edgtf-btn edgtf-btn-medium edgtf-btn-solid\" rel=\"noopener\">\n    <span class=\"edgtf-btn-text\">La ville de Saskatoon<\/span>\n    <\/a>[vc_empty_space height=\u00a0\u00bb80px\u00a0\u00bb][\/vc_column][\/vc_row][vc_row][vc_column width=\u00a0\u00bb1\/4&Prime;]<div class=\"edgtf-elements-holder edgtf-one-column edgtf-responsive-mode-768\" ><div class=\"edgtf-eh-item \"  data-item-class=\"edgtf-eh-custom-790864\">\n\t<div class=\"edgtf-eh-item-inner\">\n\t\t<div class=\"edgtf-eh-item-content edgtf-eh-custom-790864\" >\n\t\t\t[vc_single_image image=\u00a0\u00bb23052&Prime; img_size=\u00a0\u00bbmedium\u00a0\u00bb]\t\t<\/div>\n\t<\/div>\n<\/div><\/div>[\/vc_column][vc_column width=\u00a0\u00bb3\/4&Prime;][vc_column_text]<span style=\"font-weight: 400;\">Fridge Friend est une entreprise australienne qui s\u2019est donn\u00e9 pour mission d\u2019aider les familles \u00e0 r\u00e9duire le gaspillage alimentaire, \u00e0 faire des \u00e9conomies et \u00e0 manger plus sainement. Notre filtre innovant pour r\u00e9frig\u00e9rateur utilise un m\u00e9lange de min\u00e9raux naturels pour ralentir la d\u00e9t\u00e9rioration des aliments en \u00e9liminant le gaz \u00e9thyl\u00e8ne, l\u2019exc\u00e8s d\u2019humidit\u00e9 et les bact\u00e9ries, prolongeant ainsi la dur\u00e9e de conservation des fruits et l\u00e9gumes frais jusqu\u2019\u00e0 3 semaines, sans avoir recours \u00e0 des produits chimiques ou \u00e0 des recharges* (*pendant les 3 premi\u00e8res ann\u00e9es). Avec plus de 35 000 foyers dans le monde qui utilisent d\u00e9j\u00e0 Fridge Friend, nous tirons une grande fiert\u00e9 de notre partenariat avec la campagne J\u2019aime manger, pas gaspiller afin d\u2019encourager la population canadienne \u00e0 adopter des changements simples au quotidien qui prot\u00e8gent \u00e0 la fois leur portefeuille et la plan\u00e8te.<\/span><\/p>\n<p>[\/vc_column_text][vc_empty_space]<a itemprop=\"url\" href=\"https:\/\/www.fridgefriend.ca\/fr\" target=\"_blank\" class=\"edgtf-btn edgtf-btn-medium edgtf-btn-solid\" rel=\"noopener\">\n    <span class=\"edgtf-btn-text\">Fridge Friend<\/span>\n    <\/a>[vc_empty_space height=\u00a0\u00bb80px\u00a0\u00bb][\/vc_column][\/vc_row][vc_row disable_element=\u00a0\u00bbyes\u00a0\u00bb][vc_column width=\u00a0\u00bb1\/4&Prime;]<div class=\"edgtf-elements-holder edgtf-one-column edgtf-responsive-mode-768\" ><div class=\"edgtf-eh-item \"  data-item-class=\"edgtf-eh-custom-296261\">\n\t<div class=\"edgtf-eh-item-inner\">\n\t\t<div class=\"edgtf-eh-item-content edgtf-eh-custom-296261\" >\n\t\t\t[vc_single_image image=\u00a0\u00bb13994&Prime; img_size=\u00a0\u00bbmedium\u00a0\u00bb]\t\t<\/div>\n\t<\/div>\n<\/div><\/div>[\/vc_column][vc_column width=\u00a0\u00bb3\/4&Prime;][vc_column_text]La Strat\u00e9gie du Minist\u00e8re de l&rsquo;environnement et du changement climatique de la Colombie-Britannique reconna\u00eet l&rsquo;importance de la pr\u00e9vention du gaspillage alimentaire afin de r\u00e9duire les \u00e9missions de gaz \u00e0 effet de serre et les aliments destin\u00e9s \u00e0 l&rsquo;\u00e9limination. Le Minist\u00e8re collabore \u00e0 des groupes de travail multisectoriels et intergouvernementaux dans l&rsquo;ensemble de la cha\u00eene d&rsquo;approvisionnement alimentaire et a \u00e9labor\u00e9 des outils \u00e0 l&rsquo;intention des administrations et des entreprises locales pour soutenir les initiatives de pr\u00e9vention du gaspillage alimentaire dans les collectivit\u00e9s de la Colombie-Britannique. Ce travail a montr\u00e9 que les m\u00e9nages, les administrations et les entreprises locales peuvent r\u00e9aliser des \u00e9conomies significatives et am\u00e9liorer l&rsquo;acc\u00e8s \u00e0 des aliments sains et plus abordables. Gr\u00e2ce au partenariat provincial, les outils de la campagne Love Food Hate Waste (J\u2019aime Manger Pas Gaspiller) seront mis \u00e0 la disposition des communaut\u00e9s \u00e0 l&rsquo;\u00e9chelle de la province.[\/vc_column_text][vc_empty_space]<a itemprop=\"url\" href=\"https:\/\/www2.gov.bc.ca\/gov\/content\/governments\/organizational-structure\/ministries-organizations\/ministries\/environment-climate-change\" target=\"_blank\" class=\"edgtf-btn edgtf-btn-medium edgtf-btn-solid\" rel=\"noopener\">\n    <span class=\"edgtf-btn-text\">Strat\u00e9gie du Minist\u00e8re de l&#039;environnement et du changement climatique de la Colombie-Britannique<\/span>\n    <\/a>[vc_empty_space height=\u00a0\u00bb80px\u00a0\u00bb][\/vc_column][\/vc_row][vc_row disable_element=\u00a0\u00bbyes\u00a0\u00bb][vc_column width=\u00a0\u00bb1\/4&Prime;]<div class=\"edgtf-elements-holder edgtf-one-column edgtf-responsive-mode-768\" ><div class=\"edgtf-eh-item \"  data-item-class=\"edgtf-eh-custom-544276\">\n\t<div class=\"edgtf-eh-item-inner\">\n\t\t<div class=\"edgtf-eh-item-content edgtf-eh-custom-544276\" >\n\t\t\t[vc_single_image image=\u00a0\u00bb17264&Prime; img_size=\u00a0\u00bbmedium\u00a0\u00bb]\t\t<\/div>\n\t<\/div>\n<\/div><\/div>[\/vc_column][vc_column width=\u00a0\u00bb3\/4&Prime;][vc_column_text]Le regroupement Guelph-Wellington travaille actuellement \u00e0 b\u00e2tir un syst\u00e8me alimentaire accessible \u00e0 tous, nutritif, sant\u00e9, o\u00f9 rien n\u2019est gaspill\u00e9 et o\u00f9 l\u2019impact environnemental est minimal. Leur projet vise \u00e0 cr\u00e9er un \u00e9cosyst\u00e8me dans lequel les experts et les entrepreneurs travailleront main dans la main afin de surmonter des d\u00e9fis d\u2019envergure dans le secteur alimentaire. D\u2019ici 2025, le regroupement souhaite \u00eatre le premier au Canada \u00e0 avoir mis en place un r\u00e9seau technologique d\u2019\u00e9conomie circulaire en alimentation.<\/p>\n<p>L\u2019initiative \u00ab Our Food Future \u00bb de la Ville de Guelph et du comt\u00e9 de Wellington a \u00e9t\u00e9 cr\u00e9\u00e9e afin de r\u00e9pondre au D\u00e9fi des villes intelligentes, lanc\u00e9 par Infrastructure Canada. Le d\u00e9fi visait \u00e0 encourager les municipalit\u00e9s \u00e0 adopter une approche dite de ville intelligente qui permet d\u2019am\u00e9liorer la vie des r\u00e9sidents gr\u00e2ce aux technologies connect\u00e9es, \u00e0 l\u2019utilisation de donn\u00e9es et \u00e0 l\u2019innovation. Guelph Wellington a remport\u00e9 un des deux prix de 10 millions de dollars.<\/p>\n<p>Guelph-Wellington est le berceau d\u2019accueil de plus de 1 600 entreprises \u0153uvrant dans l\u2019alimentation tel que des entreprises de biotechnologies, d\u2019\u00e9nergies vertes, d\u2019agroalimentaire, de transformation alimentaire et plus de 40 centres de recherches. L\u2019Universit\u00e9 de Guelph, qui en fait \u00e9galement partie, se d\u00e9marque par sa notori\u00e9t\u00e9 \u00e0 travers le Canada par ses projets de recherche en agriculture et en alimentation, faisant d\u2019elle une universit\u00e9 qui rayonne \u00e0 travers le monde. D\u2019autres entit\u00e9s participent \u00e0 ce regroupement comme le Coll\u00e8ge Conestoga, leader en enseignement des technologies de transformation alimentaire et plusieurs autres entit\u00e9s gouvernementales et organismes.[\/vc_column_text][vc_empty_space]<a itemprop=\"url\" href=\"http:\/\/foodfuture.ca\/\" target=\"_blank\" class=\"edgtf-btn edgtf-btn-medium edgtf-btn-solid\" rel=\"noopener\">\n    <span class=\"edgtf-btn-text\">Guelph-Wellington<\/span>\n    <\/a>[vc_empty_space height=\u00a0\u00bb80px\u00a0\u00bb][\/vc_column][\/vc_row][vc_row disable_element=\u00a0\u00bbyes\u00a0\u00bb][vc_column width=\u00a0\u00bb1\/4&Prime;]<div class=\"edgtf-elements-holder edgtf-one-column edgtf-responsive-mode-768\" ><div class=\"edgtf-eh-item \"  data-item-class=\"edgtf-eh-custom-634531\">\n\t<div class=\"edgtf-eh-item-inner\">\n\t\t<div class=\"edgtf-eh-item-content edgtf-eh-custom-634531\" >\n\t\t\t[vc_single_image image=\u00a0\u00bb18005&Prime; img_size=\u00a0\u00bbmedium\u00a0\u00bb]\t\t<\/div>\n\t<\/div>\n<\/div><\/div>[\/vc_column][vc_column width=\u00a0\u00bb3\/4&Prime;][vc_column_text]La Ville de Winnipeg s\u2019emploie activement \u00e0 offrir \u00e0 ses citoyens un environnement plus \u00e9cologique, durable et s\u00e9curitaire sur le plan de l\u2019alimentation. Sa strat\u00e9gie globale de gestion des d\u00e9chets int\u00e9gr\u00e9e, son plan d\u2019action en mati\u00e8re de climat et le Winnipeg Food Council ont des objectifs n\u00e9cessitant des actions qui influenceront comment ses citoyens g\u00e8rent leurs d\u00e9chets alimentaires, c.-\u00e0-d. les \u00e9viter, les \u00e9liminer et en r\u00e9duire les quantit\u00e9s. Notre partenariat avec J\u2019aime manger, pas gaspiller permettra aux citoyens de mieux comprendre les r\u00e9percussions environnementales du gaspillage alimentaire et l\u2019importance de l\u2019\u00e9viter afin d\u2019assurer un d\u00e9veloppement plus durable.\u00a0 De plus, au jour le jour, les citoyens am\u00e9lioreront leur propre vie gr\u00e2ce \u00e0 une meilleure appr\u00e9ciation de la valeur des aliments et aux nouvelles connaissances sur la mani\u00e8re d\u2019en tirer le maximum, ce qui r\u00e9duira du coup leurs factures d\u2019\u00e9picerie et augmentera la s\u00e9curit\u00e9 alimentaire.[\/vc_column_text][vc_empty_space]<a itemprop=\"url\" href=\"https:\/\/www.winnipeg.ca\/interhom\/\" target=\"_blank\" class=\"edgtf-btn edgtf-btn-medium edgtf-btn-solid\" rel=\"noopener\">\n    <span class=\"edgtf-btn-text\">La Ville de Winnipeg<\/span>\n    <\/a>[vc_empty_space height=\u00a0\u00bb80px\u00a0\u00bb][\/vc_column][\/vc_row][vc_row disable_element=\u00a0\u00bbyes\u00a0\u00bb][vc_column width=\u00a0\u00bb1\/4&Prime;]<div class=\"edgtf-elements-holder edgtf-one-column edgtf-responsive-mode-768\" ><div class=\"edgtf-eh-item \"  data-item-class=\"edgtf-eh-custom-297631\">\n\t<div class=\"edgtf-eh-item-inner\">\n\t\t<div class=\"edgtf-eh-item-content edgtf-eh-custom-297631\" >\n\t\t\t[vc_single_image image=\u00a0\u00bb19911&Prime; img_size=\u00a0\u00bbmedium\u00a0\u00bb]\t\t<\/div>\n\t<\/div>\n<\/div><\/div>[\/vc_column][vc_column width=\u00a0\u00bb3\/4&Prime;][vc_column_text]Le Recycling Council of Alberta (RCA) est un agent de changement qui promeut, d\u00e9veloppe et favorise une \u00e9conomie circulaire en Alberta gr\u00e2ce \u00e0 la r\u00e9duction des d\u00e9chets et \u00e0 la conservation des ressources. Par le biais du projet Circular Communities de RCA, <a href=\"https:\/\/www.lethbridge.ca\/Pages\/default.aspx\" target=\"_blank\" rel=\"noopener\">la Ville de Lethbridge\u200b<\/a> et <a href=\"https:\/\/www.strathcona.ca\/\" target=\"_blank\" rel=\"noopener\">Strathcona County<\/a> participent \u00e9galement de fa\u00e7on active \u00e0 la campagne J\u2019aime manger, pas gaspiller Canada.<br \/>\n[\/vc_column_text][vc_empty_space]<a itemprop=\"url\" href=\"https:\/\/recycle.ab.ca\/\" target=\"_blank\" class=\"edgtf-btn edgtf-btn-medium edgtf-btn-solid\" rel=\"noopener\">\n    <span class=\"edgtf-btn-text\">Le Recycling Council of Alberta<\/span>\n    <\/a>[vc_empty_space height=\u00a0\u00bb80px\u00a0\u00bb][\/vc_column][\/vc_row][vc_row][vc_column]<div class=\"edgtf-elements-holder edgtf-one-column edgtf-responsive-mode-768\" ><div class=\"edgtf-eh-item \"  data-item-class=\"edgtf-eh-custom-524951\">\n\t<div class=\"edgtf-eh-item-inner\">\n\t\t<div class=\"edgtf-eh-item-content edgtf-eh-custom-524951\" >\n\t\t\t<div class=\"edgtf-section-title-holder\" >\n\t\t<\/div>\t\t<\/div>\n\t<\/div>\n<\/div><\/div>[\/vc_column][\/vc_row]<\/p>\n<\/div>","protected":false},"excerpt":{"rendered":"<p>[vc_row][vc_column][\/vc_column][\/vc_row][vc_row][vc_column width=\u00a0\u00bb1\/4&Prime;][\/vc_column][vc_column width=\u00a0\u00bb3\/4&Prime;][vc_column_text]La Soci\u00e9t\u00e9 qu\u00e9b\u00e9coise de r\u00e9cup\u00e9ration et de recyclage,\u00a0RECYC-QU\u00c9BEC, est un chef de file en mati\u00e8re de gestion responsable des d\u00e9chets au Qu\u00e9bec. Cr\u00e9\u00e9e en 1990, cette soci\u00e9t\u00e9 d\u2019\u00c9tat s\u2019efforce de faire du Qu\u00e9bec un mod\u00e8le en mati\u00e8re de [&hellip;]<\/p>\n","protected":false},"author":1,"featured_media":13124,"parent":13531,"menu_order":5,"comment_status":"closed","ping_status":"closed","template":"","meta":{"_acf_changed":false,"_eb_attr":"","wprm-recipe-roundup-name":"","wprm-recipe-roundup-description":"","footnotes":""},"tags":[270],"class_list":["post-13551","page","type-page","status-publish","has-post-thumbnail","hentry","tag-a-propos"],"acf":[],"_links":{"self":[{"href":"https:\/\/lovefoodhatewaste.ca\/fr\/wp-json\/wp\/v2\/pages\/13551","targetHints":{"allow":["GET"]}}],"collection":[{"href":"https:\/\/lovefoodhatewaste.ca\/fr\/wp-json\/wp\/v2\/pages"}],"about":[{"href":"https:\/\/lovefoodhatewaste.ca\/fr\/wp-json\/wp\/v2\/types\/page"}],"author":[{"embeddable":true,"href":"https:\/\/lovefoodhatewaste.ca\/fr\/wp-json\/wp\/v2\/users\/1"}],"replies":[{"embeddable":true,"href":"https:\/\/lovefoodhatewaste.ca\/fr\/wp-json\/wp\/v2\/comments?post=13551"}],"version-history":[{"count":0,"href":"https:\/\/lovefoodhatewaste.ca\/fr\/wp-json\/wp\/v2\/pages\/13551\/revisions"}],"up":[{"embeddable":true,"href":"https:\/\/lovefoodhatewaste.ca\/fr\/wp-json\/wp\/v2\/pages\/13531"}],"wp:featuredmedia":[{"embeddable":true,"href":"https:\/\/lovefoodhatewaste.ca\/fr\/wp-json\/wp\/v2\/media\/13124"}],"wp:attachment":[{"href":"https:\/\/lovefoodhatewaste.ca\/fr\/wp-json\/wp\/v2\/media?parent=13551"}],"wp:term":[{"taxonomy":"post_tag","embeddable":true,"href":"https:\/\/lovefoodhatewaste.ca\/fr\/wp-json\/wp\/v2\/tags?post=13551"}],"curies":[{"name":"wp","href":"https:\/\/api.w.org\/{rel}","templated":true}]}}